{"id":2226,"date":"2024-09-17T10:21:28","date_gmt":"2024-09-17T08:21:28","guid":{"rendered":"https:\/\/cycling.renewable-energies-world-race.com\/equipes-2024\/"},"modified":"2024-11-19T16:28:42","modified_gmt":"2024-11-19T15:28:42","slug":"equipes-2024","status":"publish","type":"page","link":"https:\/\/cycling.renewable-energies-world-race.com\/en\/equipes-2024\/","title":{"rendered":"Teams 2024"},"content":{"rendered":"\t\t<div data-elementor-type=\"wp-page\" data-elementor-id=\"2226\" class=\"elementor elementor-2226 elementor-1165\" data-elementor-post-type=\"page\">\n\t\t\t\t<div class=\"elementor-element elementor-element-ad46d94 e-flex e-con-boxed e-con e-parent\" data-id=\"ad46d94\" data-element_type=\"container\" data-settings=\"{&quot;background_background&quot;:&quot;classic&quot;}\">\n\t\t\t\t\t<div class=\"e-con-inner\">\n\t\t\t\t<div class=\"elementor-element elementor-element-6f4fc6d elementor-widget elementor-widget-text-editor\" data-id=\"6f4fc6d\" data-element_type=\"widget\" data-widget_type=\"text-editor.default\">\n\t\t\t\t<div class=\"elementor-widget-container\">\n\t\t\t<style>\/*! elementor - v3.22.0 - 26-06-2024 *\/\n.elementor-widget-text-editor.elementor-drop-cap-view-stacked .elementor-drop-cap{background-color:#69727d;color:#fff}.elementor-widget-text-editor.elementor-drop-cap-view-framed .elementor-drop-cap{color:#69727d;border:3px solid;background-color:transparent}.elementor-widget-text-editor:not(.elementor-drop-cap-view-default) .elementor-drop-cap{margin-top:8px}.elementor-widget-text-editor:not(.elementor-drop-cap-view-default) .elementor-drop-cap-letter{width:1em;height:1em}.elementor-widget-text-editor .elementor-drop-cap{float:left;text-align:center;line-height:1;font-size:50px}.elementor-widget-text-editor .elementor-drop-cap-letter{display:inline-block}<\/style>\t\t\t\t<p>The 2025 edition will be the 8th edition of the ENR (Renewable Energy) Cycling World Championship. <br \/>Created in 2016, the ENR Cycling World Championship is a sporting event for French and international players in the fields of photovoltaics, wind energy, hydropower, biomass, energy storage batteries, and more. <br \/>Julienas (Auvergne-Rh\u00f4ne-Alpes), Haguenau (Grand Est), Narbonne (Occitanie), B\u00e9doin (PACA), Ville sur Ozon (PACA), Solre le Ch\u00e2teau (Hauts-de-France), and Vienne.<\/p>\t\t\t\t\t\t<\/div>\n\t\t\t\t<\/div>\n\t\t\t\t\t<\/div>\n\t\t\t\t<\/div>\n\t\t<div class=\"elementor-element elementor-element-93e515a e-flex e-con-boxed e-con e-parent\" data-id=\"93e515a\" data-element_type=\"container\">\n\t\t\t\t\t<div class=\"e-con-inner\">\n\t\t<div class=\"elementor-element elementor-element-96fd9b6 e-con-full e-flex e-con e-child\" data-id=\"96fd9b6\" data-element_type=\"container\" data-settings=\"{&quot;background_background&quot;:&quot;classic&quot;}\">\n\t\t\t\t<div class=\"elementor-element elementor-element-d452ffa elementor-widget elementor-widget-heading\" data-id=\"d452ffa\" data-element_type=\"widget\" data-widget_type=\"heading.default\">\n\t\t\t\t<div class=\"elementor-widget-container\">\n\t\t\t<style>\/*! elementor - v3.22.0 - 26-06-2024 *\/\n.elementor-heading-title{padding:0;margin:0;line-height:1}.elementor-widget-heading .elementor-heading-title[class*=elementor-size-]>a{color:inherit;font-size:inherit;line-height:inherit}.elementor-widget-heading .elementor-heading-title.elementor-size-small{font-size:15px}.elementor-widget-heading .elementor-heading-title.elementor-size-medium{font-size:19px}.elementor-widget-heading .elementor-heading-title.elementor-size-large{font-size:29px}.elementor-widget-heading .elementor-heading-title.elementor-size-xl{font-size:39px}.elementor-widget-heading .elementor-heading-title.elementor-size-xxl{font-size:59px}<\/style><h1 class=\"elementor-heading-title elementor-size-default\">The teams participating in 2024<\/h1>\t\t<\/div>\n\t\t\t\t<\/div>\n\t\t\t\t<\/div>\n\t\t\t\t\t<\/div>\n\t\t\t\t<\/div>\n\t\t<div class=\"elementor-element elementor-element-b901e98 e-flex e-con-boxed e-con e-parent\" data-id=\"b901e98\" data-element_type=\"container\" data-settings=\"{&quot;background_background&quot;:&quot;classic&quot;}\">\n\t\t\t\t\t<div class=\"e-con-inner\">\n\t\t<div class=\"elementor-element elementor-element-ebf1893 e-con-full e-flex e-con e-child\" data-id=\"ebf1893\" data-element_type=\"container\">\n\t\t<div class=\"elementor-element elementor-element-9fb7ec3 e-con-full e-flex e-con e-child\" data-id=\"9fb7ec3\" data-element_type=\"container\">\n\t\t\t\t<div class=\"elementor-element elementor-element-07a0e37 elementor-widget__width-inherit elementor-widget elementor-widget-text-editor\" data-id=\"07a0e37\" data-element_type=\"widget\" data-widget_type=\"text-editor.default\">\n\t\t\t\t<div class=\"elementor-widget-container\">\n\t\t\t\t\t\t\t<p>ABM Energie Conseil &#8211; Ademe &#8211; Aiko Solar &#8211; Amarenco &#8211; Aprosios Energie<\/p>\n<p>Association des Centrales Villageoises &#8211; Aura Digital Solaire &#8211; Aventron France &#8211; Axpo\/CKW<\/p>\n<p>Baywa r.e. France &#8211; Bepositive \/ Open Energies &#8211; Boralex &#8211; Bouygues ES &#8211; Bw Ideol <\/p>\n<p>Campus Dalkia &#8211; CCE &#8211; Cleosun &#8211; CNR\/Solarh\u00f4na &#8211; <\/p>\n<p>Db Vib Groupe &#8211; De Gaulle Fleurance<\/p>\n<p>Eiffage es \/Sun\u2019r &#8211; Elatos &#8211; El\u00e9ments &#8211; Enercon &#8211; Enerparc &#8211; Enoe Energie &#8211; Eolymar &#8211; Equans<\/p>\n<p>EDF Energies Renouvelables<\/p>\n<p>Faradae &#8211; Full Circle Wind<\/p>\n<p>Gaz Electricit\u00e9 de Grenoble &#8211; Genelios &#8211; Green Yellow <\/p>\n<p>H2air &#8211; Huawei &#8211; Idex &#8211; Ilek &#8211; Ineo Raa<\/p>\n<p>Isowatt &#8211; Ilek<\/p>\n<p>La Plateforme Verte<\/p>\n<p>Nexun &#8211; Maxeon<\/p>\n<p>Omexom &#8211; Orion energies &#8211;<\/p>\n<p>Oxan energy<\/p>\n<p>Photowatt &#8211; Poujoulat &#8211; Pxl seals<\/p>\n<p>Qair<\/p>\n<p>Reden &#8211; RWE<\/p>\n<p>Sepale &#8211; Sillage D\u00e9veloppement &#8211; Silversun &#8211; Solar Distribution Baywa &#8211; Solveo Energies &#8211; Statkraft &#8211; Sunpower &#8211; Syneria &#8211; SFECO &#8211; Sungrow EMEA &#8211; Saipen<\/p>\n<p>Terre et lac solaire &#8211; TotalEnergies REN France &#8211; Totalenergies Proxi<\/p>\n<p>Urbasolar<\/p>\n<p>Valeco &#8211; Val\u00e9nergies &#8211; Valorem &#8211; Verso Energy &#8211; Vf Confort &#8211; Voisiwatt &#8211; Volkswind D &#8211; Volkswind F &#8211; Voltalia<\/p>\n\t\t\t\t\t\t<\/div>\n\t\t\t\t<\/div>\n\t\t\t\t<\/div>\n\t\t\t\t<\/div>\n\t\t\t\t\t<\/div>\n\t\t\t\t<\/div>\n\t\t<div class=\"elementor-element elementor-element-be0f8fa e-flex e-con-boxed e-con e-parent\" data-id=\"be0f8fa\" data-element_type=\"container\">\n\t\t\t\t\t<div class=\"e-con-inner\">\n\t\t\t\t<div class=\"elementor-element elementor-element-2634c0d elementor-widget elementor-widget-text-editor\" data-id=\"2634c0d\" data-element_type=\"widget\" data-widget_type=\"text-editor.default\">\n\t\t\t\t<div class=\"elementor-widget-container\">\n\t\t\t\t\t\t\t<p><strong>84 national and international teams are participating in the World Championship this year. A big thank you to our French, Chinese, German, Swedish, American, Swiss, Italian, Norwegian, Austrian, Dutch, Danish, Spanish, Irish, Italian, and Moroccan friends for coming in such large numbers. <\/strong><\/p>\n\t\t\t\t\t\t<\/div>\n\t\t\t\t<\/div>\n\t\t\t\t\t<\/div>\n\t\t\t\t<\/div>\n\t\t\t\t<\/div>\n\t\t","protected":false},"excerpt":{"rendered":"<p>The 2025 edition will be the 8th edition of the ENR (Renewable Energy) Cycling World Championship. Created in 2016, the ENR Cycling World Championship is a sporting event for French and international players in the fields of photovoltaics, wind energy, hydropower, biomass, energy storage batteries, and more. Julienas (Auvergne-Rh\u00f4ne-Alpes), Haguenau (Grand Est), Narbonne (Occitanie), B\u00e9doin [&hellip;]<\/p>\n","protected":false},"author":1,"featured_media":0,"parent":0,"menu_order":0,"comment_status":"closed","ping_status":"closed","template":"elementor_header_footer","meta":{"_acf_changed":false,"footnotes":""},"class_list":["post-2226","page","type-page","status-publish","hentry"],"acf":[],"yoast_head":"<!-- This site is optimized with the Yoast SEO plugin v23.0 - https:\/\/yoast.com\/wordpress\/plugins\/seo\/ -->\n<title>Teams 2024 - Renewable Energies Worlds Race<\/title>\n<meta name=\"robots\" content=\"index, follow, max-snippet:-1, max-image-preview:large, max-video-preview:-1\" \/>\n<link rel=\"canonical\" href=\"https:\/\/cycling.renewable-energies-world-race.com\/en\/equipes-2024\/\" \/>\n<meta property=\"og:locale\" content=\"en_US\" \/>\n<meta property=\"og:type\" content=\"article\" \/>\n<meta property=\"og:title\" content=\"Teams 2024 - Renewable Energies Worlds Race\" \/>\n<meta property=\"og:description\" content=\"The 2025 edition will be the 8th edition of the ENR (Renewable Energy) Cycling World Championship. Created in 2016, the ENR Cycling World Championship is a sporting event for French and international players in the fields of photovoltaics, wind energy, hydropower, biomass, energy storage batteries, and more. Julienas (Auvergne-Rh\u00f4ne-Alpes), Haguenau (Grand Est), Narbonne (Occitanie), B\u00e9doin [&hellip;]\" \/>\n<meta property=\"og:url\" content=\"https:\/\/cycling.renewable-energies-world-race.com\/en\/equipes-2024\/\" \/>\n<meta property=\"og:site_name\" content=\"Renewable Energies Worlds Race\" \/>\n<meta property=\"article:modified_time\" content=\"2024-11-19T15:28:42+00:00\" \/>\n<meta name=\"twitter:card\" content=\"summary_large_image\" \/>\n<meta name=\"twitter:label1\" content=\"Est. reading time\" \/>\n\t<meta name=\"twitter:data1\" content=\"2 minutes\" \/>\n<script type=\"application\/ld+json\" class=\"yoast-schema-graph\">{\"@context\":\"https:\/\/schema.org\",\"@graph\":[{\"@type\":\"WebPage\",\"@id\":\"https:\/\/cycling.renewable-energies-world-race.com\/en\/equipes-2024\/\",\"url\":\"https:\/\/cycling.renewable-energies-world-race.com\/en\/equipes-2024\/\",\"name\":\"Teams 2024 - Renewable Energies Worlds Race\",\"isPartOf\":{\"@id\":\"https:\/\/cycling.renewable-energies-world-race.com\/en\/#website\"},\"datePublished\":\"2024-09-17T08:21:28+00:00\",\"dateModified\":\"2024-11-19T15:28:42+00:00\",\"breadcrumb\":{\"@id\":\"https:\/\/cycling.renewable-energies-world-race.com\/en\/equipes-2024\/#breadcrumb\"},\"inLanguage\":\"en-US\",\"potentialAction\":[{\"@type\":\"ReadAction\",\"target\":[\"https:\/\/cycling.renewable-energies-world-race.com\/en\/equipes-2024\/\"]}]},{\"@type\":\"BreadcrumbList\",\"@id\":\"https:\/\/cycling.renewable-energies-world-race.com\/en\/equipes-2024\/#breadcrumb\",\"itemListElement\":[{\"@type\":\"ListItem\",\"position\":1,\"name\":\"Accueil\",\"item\":\"https:\/\/cycling.renewable-energies-world-race.com\/en\/lien-externe\/\"},{\"@type\":\"ListItem\",\"position\":2,\"name\":\"Teams 2024\"}]},{\"@type\":\"WebSite\",\"@id\":\"https:\/\/cycling.renewable-energies-world-race.com\/en\/#website\",\"url\":\"https:\/\/cycling.renewable-energies-world-race.com\/en\/\",\"name\":\"Renewable Energies Worlds Race\",\"description\":\"\",\"publisher\":{\"@id\":\"https:\/\/cycling.renewable-energies-world-race.com\/en\/#organization\"},\"potentialAction\":[{\"@type\":\"SearchAction\",\"target\":{\"@type\":\"EntryPoint\",\"urlTemplate\":\"https:\/\/cycling.renewable-energies-world-race.com\/en\/?s={search_term_string}\"},\"query-input\":\"required name=search_term_string\"}],\"inLanguage\":\"en-US\"},{\"@type\":\"Organization\",\"@id\":\"https:\/\/cycling.renewable-energies-world-race.com\/en\/#organization\",\"name\":\"Renewable Energies Worlds Race\",\"url\":\"https:\/\/cycling.renewable-energies-world-race.com\/en\/\",\"logo\":{\"@type\":\"ImageObject\",\"inLanguage\":\"en-US\",\"@id\":\"https:\/\/cycling.renewable-energies-world-race.com\/en\/#\/schema\/logo\/image\/\",\"url\":\"https:\/\/cycling.renewable-energies-world-race.com\/wp-content\/uploads\/2024\/06\/LOGO_ENR_CYCLING_COLOR.png\",\"contentUrl\":\"https:\/\/cycling.renewable-energies-world-race.com\/wp-content\/uploads\/2024\/06\/LOGO_ENR_CYCLING_COLOR.png\",\"width\":2560,\"height\":1036,\"caption\":\"Renewable Energies Worlds Race\"},\"image\":{\"@id\":\"https:\/\/cycling.renewable-energies-world-race.com\/en\/#\/schema\/logo\/image\/\"}}]}<\/script>\n<!-- \/ Yoast SEO plugin. -->","yoast_head_json":{"title":"Teams 2024 - Renewable Energies Worlds Race","robots":{"index":"index","follow":"follow","max-snippet":"max-snippet:-1","max-image-preview":"max-image-preview:large","max-video-preview":"max-video-preview:-1"},"canonical":"https:\/\/cycling.renewable-energies-world-race.com\/en\/equipes-2024\/","og_locale":"en_US","og_type":"article","og_title":"Teams 2024 - Renewable Energies Worlds Race","og_description":"The 2025 edition will be the 8th edition of the ENR (Renewable Energy) Cycling World Championship. Created in 2016, the ENR Cycling World Championship is a sporting event for French and international players in the fields of photovoltaics, wind energy, hydropower, biomass, energy storage batteries, and more. Julienas (Auvergne-Rh\u00f4ne-Alpes), Haguenau (Grand Est), Narbonne (Occitanie), B\u00e9doin [&hellip;]","og_url":"https:\/\/cycling.renewable-energies-world-race.com\/en\/equipes-2024\/","og_site_name":"Renewable Energies Worlds Race","article_modified_time":"2024-11-19T15:28:42+00:00","twitter_card":"summary_large_image","twitter_misc":{"Est. reading time":"2 minutes"},"schema":{"@context":"https:\/\/schema.org","@graph":[{"@type":"WebPage","@id":"https:\/\/cycling.renewable-energies-world-race.com\/en\/equipes-2024\/","url":"https:\/\/cycling.renewable-energies-world-race.com\/en\/equipes-2024\/","name":"Teams 2024 - Renewable Energies Worlds Race","isPartOf":{"@id":"https:\/\/cycling.renewable-energies-world-race.com\/en\/#website"},"datePublished":"2024-09-17T08:21:28+00:00","dateModified":"2024-11-19T15:28:42+00:00","breadcrumb":{"@id":"https:\/\/cycling.renewable-energies-world-race.com\/en\/equipes-2024\/#breadcrumb"},"inLanguage":"en-US","potentialAction":[{"@type":"ReadAction","target":["https:\/\/cycling.renewable-energies-world-race.com\/en\/equipes-2024\/"]}]},{"@type":"BreadcrumbList","@id":"https:\/\/cycling.renewable-energies-world-race.com\/en\/equipes-2024\/#breadcrumb","itemListElement":[{"@type":"ListItem","position":1,"name":"Accueil","item":"https:\/\/cycling.renewable-energies-world-race.com\/en\/lien-externe\/"},{"@type":"ListItem","position":2,"name":"Teams 2024"}]},{"@type":"WebSite","@id":"https:\/\/cycling.renewable-energies-world-race.com\/en\/#website","url":"https:\/\/cycling.renewable-energies-world-race.com\/en\/","name":"Renewable Energies Worlds Race","description":"","publisher":{"@id":"https:\/\/cycling.renewable-energies-world-race.com\/en\/#organization"},"potentialAction":[{"@type":"SearchAction","target":{"@type":"EntryPoint","urlTemplate":"https:\/\/cycling.renewable-energies-world-race.com\/en\/?s={search_term_string}"},"query-input":"required name=search_term_string"}],"inLanguage":"en-US"},{"@type":"Organization","@id":"https:\/\/cycling.renewable-energies-world-race.com\/en\/#organization","name":"Renewable Energies Worlds Race","url":"https:\/\/cycling.renewable-energies-world-race.com\/en\/","logo":{"@type":"ImageObject","inLanguage":"en-US","@id":"https:\/\/cycling.renewable-energies-world-race.com\/en\/#\/schema\/logo\/image\/","url":"https:\/\/cycling.renewable-energies-world-race.com\/wp-content\/uploads\/2024\/06\/LOGO_ENR_CYCLING_COLOR.png","contentUrl":"https:\/\/cycling.renewable-energies-world-race.com\/wp-content\/uploads\/2024\/06\/LOGO_ENR_CYCLING_COLOR.png","width":2560,"height":1036,"caption":"Renewable Energies Worlds Race"},"image":{"@id":"https:\/\/cycling.renewable-energies-world-race.com\/en\/#\/schema\/logo\/image\/"}}]}},"_links":{"self":[{"href":"https:\/\/cycling.renewable-energies-world-race.com\/en\/wp-json\/wp\/v2\/pages\/2226","targetHints":{"allow":["GET"]}}],"collection":[{"href":"https:\/\/cycling.renewable-energies-world-race.com\/en\/wp-json\/wp\/v2\/pages"}],"about":[{"href":"https:\/\/cycling.renewable-energies-world-race.com\/en\/wp-json\/wp\/v2\/types\/page"}],"author":[{"embeddable":true,"href":"https:\/\/cycling.renewable-energies-world-race.com\/en\/wp-json\/wp\/v2\/users\/1"}],"replies":[{"embeddable":true,"href":"https:\/\/cycling.renewable-energies-world-race.com\/en\/wp-json\/wp\/v2\/comments?post=2226"}],"version-history":[{"count":8,"href":"https:\/\/cycling.renewable-energies-world-race.com\/en\/wp-json\/wp\/v2\/pages\/2226\/revisions"}],"predecessor-version":[{"id":2690,"href":"https:\/\/cycling.renewable-energies-world-race.com\/en\/wp-json\/wp\/v2\/pages\/2226\/revisions\/2690"}],"wp:attachment":[{"href":"https:\/\/cycling.renewable-energies-world-race.com\/en\/wp-json\/wp\/v2\/media?parent=2226"}],"curies":[{"name":"wp","href":"https:\/\/api.w.org\/{rel}","templated":true}]}}